{"id":11,"date":"2021-02-05T12:32:40","date_gmt":"2021-02-05T11:32:40","guid":{"rendered":"http:\/\/gb.iut-amiens.fr\/?page_id=11"},"modified":"2026-01-08T15:38:45","modified_gmt":"2026-01-08T14:38:45","slug":"creez-votre-site-avec-des-blocs","status":"publish","type":"page","link":"https:\/\/gb.iut-amiens.fr\/?page_id=11","title":{"rendered":"Actualit\u00e9s"},"content":{"rendered":"<div class=\"wp-block-column is-vertically-aligned-center\" style=\"text-align: center;\">\r\n\r\n<div class=\"ads-custom-box custom-box \" style=\"border-color:#fa4;padding: 2.2rem 2.2rem;\"><div class=\"ads-custom-box-content\">\r\n<h1 data-wp-editing=\"1\"><span style=\"color: #fa4;\">Salon de l\u2019\u00e9tudiant<\/span><\/h1>\r\n<p data-wp-editing=\"1\">Retrouvez les stands de l\u2019IUT d\u2019Amiens, et plus particuli\u00e8rement du <strong>d\u00e9partement G\u00e9nie Biologique<\/strong>, \u00e0 M\u00e9gacit\u00e9 les vendredi 09 et samedi 10 janvier 2026\r\n<strong><a href=\"https:\/\/salon-du-lyceen-et-de-l-etudiant-amiens.salon.letudiant.fr\/\" target=\"_blank\" rel=\"noopener\" data-type=\"URL\" data-id=\"https:\/\/salon-du-lyceen-et-de-l-etudiant-amiens.salon.letudiant.fr\/\"><span style=\"color: #fa4;\">Plus d&rsquo;informations ICI<\/span><\/a><\/strong><\/p>\r\n<\/div><\/div>\r\n\r\n<\/div>\r\n<div class=\"wp-block-column is-vertically-aligned-center\" style=\"text-align: center;\">\r\n\r\n<div class=\"ads-custom-box custom-box \" style=\"border-color:#43A1BC;padding: 2.2rem 2.2rem;\"><div class=\"ads-custom-box-content\">\r\n<h2 data-wp-editing=\"1\"><span style=\"color: #43a1bc;\">Journ\u00e9e portes ouvertes<\/span><\/h2>\r\n<p data-wp-editing=\"1\">La journ\u00e9e portes ouvertes du d\u00e9partement GB aura lieu <strong>le samedi 07 f\u00e9vrier 2026<\/strong>, plus d&rsquo;informations \u00e0 venir.<\/p>\r\n<\/div><\/div>\r\n\r\n<\/div>\r\n<div class=\"wp-block-column is-vertically-aligned-center\" style=\"text-align: center;\">\r\n\r\n<div class=\"ads-custom-box custom-box \" style=\"border-color:#BC43A1;padding: 2.2rem 2.2rem;\"><div class=\"ads-custom-box-content\">\r\n<h2 data-wp-editing=\"1\"><span style=\"color: #bc43a1;\">Candidatures 2026<\/span><\/h2>\r\n<p style=\"text-align: center;\">BUT1\r\n<strong><a href=\"https:\/\/www.parcoursup.gouv.fr\/\" target=\"_blank\" rel=\"noopener\" data-type=\"URL\" data-id=\"https:\/\/www.parcoursup.gouv.fr\/\"><span style=\"color: #bc43a1;\">Constituer un dossier Parcoursup<\/span><\/a><\/strong>\r\n(du 19 janvier au 12 mars 2026 inclus)<\/p>\r\n<p style=\"text-align: center;\">BUT2 \/ BUT3\r\n<strong><a href=\"https:\/\/www.u-picardie.fr\/ecandidat\" target=\"_blank\" rel=\"noopener\" data-type=\"URL\" data-id=\"https:\/\/www.u-picardie.fr\/ecandidat\"><span style=\"color: #bc43a1;\">Rejoindre la plateforme eCandidat<\/span><\/a><\/strong>\r\n(accessible d\u00e8s mars 2026, selon le calendrier des formations)\r\n<\/div><\/div><\/p>\r\n\r\n<\/div>\r\n<div class=\"wp-block-column is-vertically-aligned-center\" style=\"text-align: center;\">\r\n\r\n<div class=\"ads-custom-box custom-box \" style=\"border-color:#9146ff;padding: 2.2rem 2.2rem;\"><div class=\"ads-custom-box-content\">\r\n<h2 style=\"text-align: center;\"><span style=\"color: #9146ff;\">Stream<\/span><span style=\"color: #9146ff;\"> live <\/span><span style=\"color: #9146ff;\"><a href=\"https:\/\/www.twitch.tv\/iutamiens\"><img loading=\"lazy\" decoding=\"async\" class=\"alignnone wp-image-1023\" src=\"https:\/\/gb.iut-amiens.fr\/wp-content\/uploads\/2024\/02\/Twitch_logo_2019.svg_.png\" alt=\"\" width=\"75\" height=\"25\" \/><\/a><\/span><strong><span style=\"color: #9146ff;\">\r\n<\/span><\/strong><\/h2>\r\n<p style=\"text-align: center;\">Mardi 20 f\u00e9vrier 2024, des \u00e9tudiants du d\u00e9partement GB \u00e9taient en streaming live sur la <a href=\"https:\/\/www.twitch.tv\/iutamiens\" target=\"_blank\" rel=\"noopener\"><span style=\"color: #9146ff;\">plateforme twitch <\/span><\/a>de l&rsquo;IUT d&rsquo;Amiens<\/p>\r\n<p style=\"text-align: center;\"><strong><a style=\"color: #9146ff;\" href=\"https:\/\/www.twitch.tv\/videos\/2069258432\" target=\"_blank\" rel=\"noopener\">Retrouvez l&rsquo;int\u00e9gralit\u00e9 du live ICI<\/a><\/strong><\/p>\r\n<\/div><\/div>\r\n\r\n<\/div>\r\n<div class=\"wp-block-column is-vertically-aligned-center\" style=\"text-align: center;\">\r\n\r\n<div class=\"ads-custom-box custom-box \" style=\"border-color:#89be39;padding: 2.2rem 2.2rem;\"><div class=\"ads-custom-box-content\">\r\n<h2 data-wp-editing=\"1\"><span style=\"color: #89be39;\">Trois ans pour se former en agronomie<\/span><\/h2>\r\n<p data-wp-editing=\"1\">Article tr\u00e8s int\u00e9ressant paru dans <strong>\u00ab\u00a0L&rsquo;OISE AGRICOLE\u00a0\u00bb <\/strong>le 10 f\u00e9vrier 2023, si vous d\u00e9sirez en savoir plus sur le BUT parcours <strong>AGRONOMIE<\/strong><\/p>\r\n<p data-wp-editing=\"1\"><strong><a href=\"https:\/\/gb.iut-amiens.fr\/wp-content\/uploads\/2023\/02\/LOA_LOA_20230210_019.pdf\" target=\"_blank\" rel=\"noopener\" data-type=\"URL\" data-id=\"gb.iut-amiens.fr\/?page_id=89\"><span style=\"color: #89be39;\">Plus d&rsquo;informations ICI<\/span><\/a><\/strong><\/p>\r\n<\/div><\/div>\r\n\r\n<\/div>\r\n<div class=\"wp-block-spacer\" style=\"height: 100px;\" aria-hidden=\"true\"><\/div>\r\n<!-- \/wp:post-content -->","protected":false},"excerpt":{"rendered":"","protected":false},"author":1,"featured_media":0,"parent":0,"menu_order":0,"comment_status":"closed","ping_status":"closed","template":"","meta":{"footnotes":""},"class_list":["post-11","page","type-page","status-publish","hentry"],"_links":{"self":[{"href":"https:\/\/gb.iut-amiens.fr\/index.php?rest_route=\/wp\/v2\/pages\/11","targetHints":{"allow":["GET"]}}],"collection":[{"href":"https:\/\/gb.iut-amiens.fr\/index.php?rest_route=\/wp\/v2\/pages"}],"about":[{"href":"https:\/\/gb.iut-amiens.fr\/index.php?rest_route=\/wp\/v2\/types\/page"}],"author":[{"embeddable":true,"href":"https:\/\/gb.iut-amiens.fr\/index.php?rest_route=\/wp\/v2\/users\/1"}],"replies":[{"embeddable":true,"href":"https:\/\/gb.iut-amiens.fr\/index.php?rest_route=%2Fwp%2Fv2%2Fcomments&post=11"}],"version-history":[{"count":122,"href":"https:\/\/gb.iut-amiens.fr\/index.php?rest_route=\/wp\/v2\/pages\/11\/revisions"}],"predecessor-version":[{"id":1119,"href":"https:\/\/gb.iut-amiens.fr\/index.php?rest_route=\/wp\/v2\/pages\/11\/revisions\/1119"}],"wp:attachment":[{"href":"https:\/\/gb.iut-amiens.fr\/index.php?rest_route=%2Fwp%2Fv2%2Fmedia&parent=11"}],"curies":[{"name":"wp","href":"https:\/\/api.w.org\/{rel}","templated":true}]}}