{"id":62,"date":"2021-02-06T16:23:27","date_gmt":"2021-02-06T15:23:27","guid":{"rendered":"http:\/\/gb.iut-amiens.fr\/?page_id=62"},"modified":"2023-12-16T12:36:57","modified_gmt":"2023-12-16T11:36:57","slug":"medias","status":"publish","type":"page","link":"https:\/\/gb.iut-amiens.fr\/?page_id=62","title":{"rendered":"M\u00e9dias"},"content":{"rendered":"\r\n<div class=\"wp-block-buttons is-layout-flex wp-block-buttons-is-layout-flex\">\r\n<div class=\"wp-block-button is-style-outline is-style-outline--1\"><a class=\"wp-block-button__link has-text-color\" style=\"color: #89be39;\" href=\"https:\/\/youtu.be\/Cfwslj0wrkc\" target=\"_blank\" rel=\"noreferrer noopener\">Pr\u00e9sentation du <strong>B.U.T. G\u00e9nie Biologique<\/strong> <br \/><strong>Nathalie JULLIAN<\/strong>, Chef du d\u00e9partement G\u00e9nie Biologique<\/a><\/div>\r\n<\/div>\r\n\r\n<p>&nbsp;<\/p>\r\n\r\n<p><iframe loading=\"lazy\" src=\"https:\/\/www.youtube.com\/embed\/Cfwslj0wrkc\" width=\"560\" height=\"315\" frameborder=\"0\" allowfullscreen=\"allowfullscreen\"><\/iframe><\/p>\r\n\r\n<div class=\"hr-fade \"><\/div>\r\n\r\n<div class=\"wp-block-buttons is-layout-flex wp-block-buttons-is-layout-flex\">\r\n<div class=\"wp-block-button is-style-outline is-style-outline--2\"><a class=\"wp-block-button__link has-text-color\" style=\"color: #89be39;\" href=\"https:\/\/youtu.be\/gvkhuCjg4rM\" target=\"_blank\" rel=\"noreferrer noopener\">Webconf\u00e9rence du 29 janvier 2022 lors de la e-JPO<\/a><\/div>\r\n<\/div>\r\n\r\n<p>&nbsp;<\/p>\r\n\r\n<p><iframe loading=\"lazy\" title=\"YouTube video player\" src=\"https:\/\/www.youtube.com\/embed\/gvkhuCjg4rM\" width=\"560\" height=\"315\" frameborder=\"0\" allowfullscreen=\"allowfullscreen\"><\/iframe><\/p>\r\n\r\n<div class=\"hr-fade \"><\/div>\r\n\r\n<div class=\"wp-block-buttons is-layout-flex wp-block-buttons-is-layout-flex\">\r\n<div class=\"wp-block-button is-style-outline is-style-outline--3\"><a class=\"wp-block-button__link has-text-color\" style=\"color: #89be39;\" href=\"https:\/\/youtu.be\/bcwIW9sC-Qo\" target=\"_blank\" rel=\"noreferrer noopener\">Pr\u00e9sentation du d\u00e9partement G\u00e9nie Biologique par les \u00e9tudiants<\/a><\/div>\r\n<\/div>\r\n\r\n<p>&nbsp;<\/p>\r\n\r\n<p><iframe loading=\"lazy\" src=\"https:\/\/www.youtube.com\/embed\/bcwIW9sC-Qo\" width=\"560\" height=\"315\" frameborder=\"0\" allowfullscreen=\"allowfullscreen\"><\/iframe><\/p>\r\n","protected":false},"excerpt":{"rendered":"<p>&nbsp; &nbsp; &nbsp;<\/p>\n","protected":false},"author":1,"featured_media":0,"parent":0,"menu_order":0,"comment_status":"closed","ping_status":"closed","template":"","meta":{"footnotes":""},"class_list":["post-62","page","type-page","status-publish","hentry"],"_links":{"self":[{"href":"https:\/\/gb.iut-amiens.fr\/index.php?rest_route=\/wp\/v2\/pages\/62","targetHints":{"allow":["GET"]}}],"collection":[{"href":"https:\/\/gb.iut-amiens.fr\/index.php?rest_route=\/wp\/v2\/pages"}],"about":[{"href":"https:\/\/gb.iut-amiens.fr\/index.php?rest_route=\/wp\/v2\/types\/page"}],"author":[{"embeddable":true,"href":"https:\/\/gb.iut-amiens.fr\/index.php?rest_route=\/wp\/v2\/users\/1"}],"replies":[{"embeddable":true,"href":"https:\/\/gb.iut-amiens.fr\/index.php?rest_route=%2Fwp%2Fv2%2Fcomments&post=62"}],"version-history":[{"count":27,"href":"https:\/\/gb.iut-amiens.fr\/index.php?rest_route=\/wp\/v2\/pages\/62\/revisions"}],"predecessor-version":[{"id":460,"href":"https:\/\/gb.iut-amiens.fr\/index.php?rest_route=\/wp\/v2\/pages\/62\/revisions\/460"}],"wp:attachment":[{"href":"https:\/\/gb.iut-amiens.fr\/index.php?rest_route=%2Fwp%2Fv2%2Fmedia&parent=62"}],"curies":[{"name":"wp","href":"https:\/\/api.w.org\/{rel}","templated":true}]}}